{"id":263,"date":"2021-03-29T21:58:59","date_gmt":"2021-03-29T21:58:59","guid":{"rendered":"https:\/\/cm-comercioyrepresentaciones.com\/?page_id=263"},"modified":"2024-05-13T19:16:55","modified_gmt":"2024-05-13T19:16:55","slug":"magiaromacm","status":"publish","type":"page","link":"https:\/\/cm-comercioyrepresentaciones.com\/en\/magiaromacm\/","title":{"rendered":"Natural cosmetics"},"content":{"rendered":"<div class=\"wp-block-columns is-layout-flex wp-container-core-columns-is-layout-9d6595d7 wp-block-columns-is-layout-flex\">\n<div class=\"wp-block-column is-layout-flow wp-block-column-is-layout-flow\">\n<figure class=\"wp-block-image size-full is-resized is-style-default\"><img loading=\"lazy\" decoding=\"async\" width=\"200\" height=\"200\" src=\"https:\/\/cm-comercioyrepresentaciones.com\/wp-content\/uploads\/2024\/05\/czM6Ly9tZWRpYS1wcml2YXRlLmNhbnZhLmNvbS9aYUhFWS9NQUZSZk5aYUhFWS8xL3AucG5n.png\" alt=\"\" class=\"wp-image-2233\" style=\"object-fit:cover;width:411px;height:auto\" srcset=\"https:\/\/cm-comercioyrepresentaciones.com\/wp-content\/uploads\/2024\/05\/czM6Ly9tZWRpYS1wcml2YXRlLmNhbnZhLmNvbS9aYUhFWS9NQUZSZk5aYUhFWS8xL3AucG5n.png 200w, https:\/\/cm-comercioyrepresentaciones.com\/wp-content\/uploads\/2024\/05\/czM6Ly9tZWRpYS1wcml2YXRlLmNhbnZhLmNvbS9aYUhFWS9NQUZSZk5aYUhFWS8xL3AucG5n-150x150.png 150w, https:\/\/cm-comercioyrepresentaciones.com\/wp-content\/uploads\/2024\/05\/czM6Ly9tZWRpYS1wcml2YXRlLmNhbnZhLmNvbS9aYUhFWS9NQUZSZk5aYUhFWS8xL3AucG5n-12x12.png 12w\" sizes=\"auto, (max-width: 200px) 100vw, 200px\" \/><\/figure>\n<\/div>\n\n\n\n<div class=\"wp-block-column is-layout-flow wp-block-column-is-layout-flow\">\n<h1 class=\"wp-block-heading has-text-align-center has-vivid-cyan-blue-color has-text-color\">Acido B\u00f3rico<\/h1>\n\n\n\n<hr class=\"wp-block-separator has-css-opacity is-style-wide\"\/>\n\n\n\n<ul class=\"has-vivid-cyan-blue-color has-text-color wp-block-list\">\n<li>Presentation Powder<\/li>\n\n\n\n<li>Uso: T\u00f3pico<\/li>\n\n\n\n<li>Content 50g<\/li>\n<\/ul>\n\n\n\n<div class=\"wp-block-buttons is-layout-flex wp-block-buttons-is-layout-flex\">\n<div class=\"wp-block-button is-style-outline is-style-outline--1\"><a class=\"wp-block-button__link has-vivid-cyan-blue-color has-text-color wp-element-button\" href=\"https:\/\/cm-comercioyrepresentaciones.com\/en\/acido-borico\/\">More information<\/a><\/div>\n<\/div>\n<\/div>\n<\/div>\n\n\n\n<hr class=\"wp-block-separator has-css-opacity is-style-wide\"\/>\n\n\n\n<div class=\"wp-block-columns is-layout-flex wp-container-core-columns-is-layout-9d6595d7 wp-block-columns-is-layout-flex\">\n<div class=\"wp-block-column is-layout-flow wp-block-column-is-layout-flow\">\n<figure class=\"wp-block-image size-full is-resized\"><img loading=\"lazy\" decoding=\"async\" width=\"1024\" height=\"1024\" src=\"https:\/\/cm-comercioyrepresentaciones.com\/wp-content\/uploads\/2024\/05\/coloidal-1024x10241-1.png\" alt=\"\" class=\"wp-image-2234\" style=\"object-fit:cover;width:391px;height:auto\" srcset=\"https:\/\/cm-comercioyrepresentaciones.com\/wp-content\/uploads\/2024\/05\/coloidal-1024x10241-1.png 1024w, https:\/\/cm-comercioyrepresentaciones.com\/wp-content\/uploads\/2024\/05\/coloidal-1024x10241-1-300x300.png 300w, https:\/\/cm-comercioyrepresentaciones.com\/wp-content\/uploads\/2024\/05\/coloidal-1024x10241-1-150x150.png 150w, https:\/\/cm-comercioyrepresentaciones.com\/wp-content\/uploads\/2024\/05\/coloidal-1024x10241-1-768x768.png 768w, https:\/\/cm-comercioyrepresentaciones.com\/wp-content\/uploads\/2024\/05\/coloidal-1024x10241-1-12x12.png 12w\" sizes=\"auto, (max-width: 1024px) 100vw, 1024px\" \/><\/figure>\n<\/div>\n\n\n\n<div class=\"wp-block-column is-layout-flow wp-block-column-is-layout-flow\">\n<p><\/p>\n\n\n\n<h1 class=\"wp-block-heading has-text-align-center has-vivid-cyan-blue-color has-text-color\">Arcilla Coloidal<\/h1>\n\n\n\n<hr class=\"wp-block-separator has-css-opacity is-style-wide\"\/>\n\n\n\n<ul class=\"has-vivid-cyan-blue-color has-text-color wp-block-list\">\n<li>Presentation Powder<\/li>\n\n\n\n<li>Uso: T\u00f3pico<\/li>\n\n\n\n<li>Contenido de 100g y 500g<\/li>\n<\/ul>\n\n\n\n<div class=\"wp-block-buttons is-layout-flex wp-block-buttons-is-layout-flex\">\n<div class=\"wp-block-button is-style-outline is-style-outline--2\"><a class=\"wp-block-button__link has-vivid-cyan-blue-color has-text-color wp-element-button\" href=\"https:\/\/cm-comercioyrepresentaciones.com\/en\/arcilla-coloidal\/\">More information<\/a><\/div>\n<\/div>\n<\/div>\n<\/div>\n\n\n\n<hr class=\"wp-block-separator has-css-opacity is-style-wide\"\/>\n\n\n\n<div class=\"wp-block-columns is-layout-flex wp-container-core-columns-is-layout-9d6595d7 wp-block-columns-is-layout-flex\">\n<div class=\"wp-block-column is-layout-flow wp-block-column-is-layout-flow\">\n<figure class=\"wp-block-image size-full is-resized\"><img loading=\"lazy\" decoding=\"async\" width=\"768\" height=\"768\" src=\"https:\/\/cm-comercioyrepresentaciones.com\/wp-content\/uploads\/2024\/05\/cataplasma-768x7681-1.png\" alt=\"\" class=\"wp-image-2235\" style=\"object-fit:cover;width:407px;height:auto\" srcset=\"https:\/\/cm-comercioyrepresentaciones.com\/wp-content\/uploads\/2024\/05\/cataplasma-768x7681-1.png 768w, https:\/\/cm-comercioyrepresentaciones.com\/wp-content\/uploads\/2024\/05\/cataplasma-768x7681-1-300x300.png 300w, https:\/\/cm-comercioyrepresentaciones.com\/wp-content\/uploads\/2024\/05\/cataplasma-768x7681-1-150x150.png 150w, https:\/\/cm-comercioyrepresentaciones.com\/wp-content\/uploads\/2024\/05\/cataplasma-768x7681-1-12x12.png 12w\" sizes=\"auto, (max-width: 768px) 100vw, 768px\" \/><\/figure>\n<\/div>\n\n\n\n<div class=\"wp-block-column is-layout-flow wp-block-column-is-layout-flow\">\n<h1 class=\"wp-block-heading has-text-align-center has-vivid-cyan-blue-color has-text-color\">Arcilla para Cataplasma<\/h1>\n\n\n\n<hr class=\"wp-block-separator has-css-opacity is-style-wide\"\/>\n\n\n\n<ul class=\"has-vivid-cyan-blue-color has-text-color wp-block-list\">\n<li>Presentation Powder<\/li>\n\n\n\n<li>Uso: T\u00f3pico<\/li>\n\n\n\n<li>Contenido 500g<\/li>\n<\/ul>\n\n\n\n<div class=\"wp-block-buttons is-layout-flex wp-block-buttons-is-layout-flex\">\n<div class=\"wp-block-button is-style-outline is-style-outline--3\"><a class=\"wp-block-button__link has-vivid-cyan-blue-color has-text-color wp-element-button\" href=\"https:\/\/cm-comercioyrepresentaciones.com\/en\/arcilla-cataplasma\/\">More information<\/a><\/div>\n<\/div>\n<\/div>\n<\/div>\n\n\n\n<hr class=\"wp-block-separator has-css-opacity is-style-wide\"\/>\n\n\n\n<div class=\"wp-block-columns is-layout-flex wp-container-core-columns-is-layout-9d6595d7 wp-block-columns-is-layout-flex\">\n<div class=\"wp-block-column is-layout-flow wp-block-column-is-layout-flow\">\n<figure class=\"wp-block-image size-large is-resized is-style-default\"><img loading=\"lazy\" decoding=\"async\" width=\"557\" height=\"448\" src=\"https:\/\/cm-comercioyrepresentaciones.com\/wp-content\/uploads\/2021\/03\/exfoliante-de-arroz.png\" alt=\"\" class=\"wp-image-559\" style=\"width:473px;height:380px\" srcset=\"https:\/\/cm-comercioyrepresentaciones.com\/wp-content\/uploads\/2021\/03\/exfoliante-de-arroz.png 557w, https:\/\/cm-comercioyrepresentaciones.com\/wp-content\/uploads\/2021\/03\/exfoliante-de-arroz-300x241.png 300w\" sizes=\"auto, (max-width: 557px) 100vw, 557px\" \/><\/figure>\n<\/div>\n\n\n\n<div class=\"wp-block-column is-layout-flow wp-block-column-is-layout-flow\">\n<h1 class=\"wp-block-heading has-text-align-center has-vivid-cyan-blue-color has-text-color\">Gr\u00e1nulos Exfoliantes de Arroz<\/h1>\n\n\n\n<hr class=\"wp-block-separator has-css-opacity is-style-wide\"\/>\n\n\n\n<ul class=\"has-vivid-cyan-blue-color has-text-color wp-block-list\">\n<li>Presentaci\u00f3n: Gr\u00e1nulos<\/li>\n\n\n\n<li>Uso: T\u00f3pico<\/li>\n\n\n\n<li>Contenido: 90g y 180g<\/li>\n<\/ul>\n\n\n\n<div class=\"wp-block-buttons is-layout-flex wp-block-buttons-is-layout-flex\">\n<div class=\"wp-block-button is-style-outline is-style-outline--4\"><a class=\"wp-block-button__link has-vivid-cyan-blue-color has-text-color wp-element-button\" href=\"https:\/\/cm-comercioyrepresentaciones.com\/en\/granulos-exfoliantes-de-arroz\/\">More information<\/a><\/div>\n<\/div>\n<\/div>\n<\/div>\n\n\n\n<hr class=\"wp-block-separator has-css-opacity is-style-wide\"\/>\n\n\n\n<div class=\"wp-block-columns is-layout-flex wp-container-core-columns-is-layout-9d6595d7 wp-block-columns-is-layout-flex\">\n<div class=\"wp-block-column is-layout-flow wp-block-column-is-layout-flow\">\n<figure class=\"wp-block-image size-large is-resized is-style-default\"><img loading=\"lazy\" decoding=\"async\" width=\"701\" height=\"356\" src=\"https:\/\/cm-comercioyrepresentaciones.com\/wp-content\/uploads\/2021\/03\/MAscarilla-de-arroz-presentaciones.png\" alt=\"\" class=\"wp-image-560\" style=\"width:461px;height:183px\" srcset=\"https:\/\/cm-comercioyrepresentaciones.com\/wp-content\/uploads\/2021\/03\/MAscarilla-de-arroz-presentaciones.png 701w, https:\/\/cm-comercioyrepresentaciones.com\/wp-content\/uploads\/2021\/03\/MAscarilla-de-arroz-presentaciones-300x152.png 300w\" sizes=\"auto, (max-width: 701px) 100vw, 701px\" \/><\/figure>\n<\/div>\n\n\n\n<div class=\"wp-block-column is-layout-flow wp-block-column-is-layout-flow\">\n<h1 class=\"wp-block-heading has-text-align-center has-vivid-cyan-blue-color has-text-color\">Mascarilla de Arroz<\/h1>\n\n\n\n<hr class=\"wp-block-separator has-css-opacity is-style-wide\"\/>\n\n\n\n<ul class=\"has-vivid-cyan-blue-color has-text-color wp-block-list\">\n<li>Presentation Powder<\/li>\n\n\n\n<li>Uso: T\u00f3pico<\/li>\n\n\n\n<li>Contenido: 60g y 130g<\/li>\n<\/ul>\n\n\n\n<div class=\"wp-block-buttons is-layout-flex wp-block-buttons-is-layout-flex\">\n<div class=\"wp-block-button is-style-outline is-style-outline--5\"><a class=\"wp-block-button__link has-vivid-cyan-blue-color has-text-color wp-element-button\" href=\"https:\/\/cm-comercioyrepresentaciones.com\/en\/mascarilla-de-arroz\/\">More information<\/a><\/div>\n<\/div>\n<\/div>\n<\/div>\n\n\n\n<hr class=\"wp-block-separator has-css-opacity is-style-wide\"\/>\n\n\n\n<div class=\"wp-block-columns are-vertically-aligned-center is-layout-flex wp-container-core-columns-is-layout-9d6595d7 wp-block-columns-is-layout-flex\">\n<div class=\"wp-block-column is-vertically-aligned-center is-layout-flow wp-block-column-is-layout-flow\">\n<figure class=\"wp-block-image size-large is-resized is-style-default\"><img loading=\"lazy\" decoding=\"async\" width=\"1024\" height=\"1024\" src=\"https:\/\/cm-comercioyrepresentaciones.com\/wp-content\/uploads\/2024\/05\/Post-de-Instagram-para-producto-Jabones-Artesanales-Elegante-Marron-y-Blanco5-1-1024x1024.png\" alt=\"\" class=\"wp-image-2223\" style=\"aspect-ratio:1;object-fit:cover;width:504px;height:auto\" srcset=\"https:\/\/cm-comercioyrepresentaciones.com\/wp-content\/uploads\/2024\/05\/Post-de-Instagram-para-producto-Jabones-Artesanales-Elegante-Marron-y-Blanco5-1-1024x1024.png 1024w, https:\/\/cm-comercioyrepresentaciones.com\/wp-content\/uploads\/2024\/05\/Post-de-Instagram-para-producto-Jabones-Artesanales-Elegante-Marron-y-Blanco5-1-300x300.png 300w, https:\/\/cm-comercioyrepresentaciones.com\/wp-content\/uploads\/2024\/05\/Post-de-Instagram-para-producto-Jabones-Artesanales-Elegante-Marron-y-Blanco5-1-150x150.png 150w, https:\/\/cm-comercioyrepresentaciones.com\/wp-content\/uploads\/2024\/05\/Post-de-Instagram-para-producto-Jabones-Artesanales-Elegante-Marron-y-Blanco5-1-768x768.png 768w, https:\/\/cm-comercioyrepresentaciones.com\/wp-content\/uploads\/2024\/05\/Post-de-Instagram-para-producto-Jabones-Artesanales-Elegante-Marron-y-Blanco5-1-12x12.png 12w, https:\/\/cm-comercioyrepresentaciones.com\/wp-content\/uploads\/2024\/05\/Post-de-Instagram-para-producto-Jabones-Artesanales-Elegante-Marron-y-Blanco5-1.png 1080w\" sizes=\"auto, (max-width: 1024px) 100vw, 1024px\" \/><\/figure>\n<\/div>\n\n\n\n<div class=\"wp-block-column is-vertically-aligned-center is-layout-flow wp-block-column-is-layout-flow\">\n<p><\/p>\n\n\n\n<h1 class=\"wp-block-heading has-text-align-center has-vivid-cyan-blue-color has-text-color\">Jab\u00f3n de Arroz<\/h1>\n\n\n\n<hr class=\"wp-block-separator has-css-opacity is-style-wide\"\/>\n\n\n\n<ul class=\"has-vivid-cyan-blue-color has-text-color wp-block-list\">\n<li>Jab\u00f3n de Glicerina<\/li>\n\n\n\n<li>100% Artesanal<\/li>\n\n\n\n<li>Contenido Aprox. 90g<\/li>\n<\/ul>\n\n\n\n<div class=\"wp-block-buttons is-layout-flex wp-block-buttons-is-layout-flex\">\n<div class=\"wp-block-button is-style-outline is-style-outline--6\"><a class=\"wp-block-button__link has-vivid-cyan-blue-color has-text-color wp-element-button\" href=\"https:\/\/cm-comercioyrepresentaciones.com\/en\/jabon-de-arroz\/\">More information<\/a><\/div>\n<\/div>\n<\/div>\n<\/div>\n\n\n\n<hr class=\"wp-block-separator has-css-opacity alignwide is-style-wide\"\/>\n\n\n\n<div class=\"wp-block-columns is-layout-flex wp-container-core-columns-is-layout-9d6595d7 wp-block-columns-is-layout-flex\">\n<div class=\"wp-block-column is-layout-flow wp-block-column-is-layout-flow\">\n<figure class=\"wp-block-image size-large is-resized is-style-default\"><img loading=\"lazy\" decoding=\"async\" width=\"1024\" height=\"1024\" src=\"https:\/\/cm-comercioyrepresentaciones.com\/wp-content\/uploads\/2024\/05\/Post-de-Instagram-para-producto-Jabones-Artesanales-Elegante-Marron-y-Blanco4-1-1024x1024.png\" alt=\"\" class=\"wp-image-2224\" style=\"aspect-ratio:1;object-fit:cover;width:448px\" srcset=\"https:\/\/cm-comercioyrepresentaciones.com\/wp-content\/uploads\/2024\/05\/Post-de-Instagram-para-producto-Jabones-Artesanales-Elegante-Marron-y-Blanco4-1-1024x1024.png 1024w, https:\/\/cm-comercioyrepresentaciones.com\/wp-content\/uploads\/2024\/05\/Post-de-Instagram-para-producto-Jabones-Artesanales-Elegante-Marron-y-Blanco4-1-300x300.png 300w, https:\/\/cm-comercioyrepresentaciones.com\/wp-content\/uploads\/2024\/05\/Post-de-Instagram-para-producto-Jabones-Artesanales-Elegante-Marron-y-Blanco4-1-150x150.png 150w, https:\/\/cm-comercioyrepresentaciones.com\/wp-content\/uploads\/2024\/05\/Post-de-Instagram-para-producto-Jabones-Artesanales-Elegante-Marron-y-Blanco4-1-768x768.png 768w, https:\/\/cm-comercioyrepresentaciones.com\/wp-content\/uploads\/2024\/05\/Post-de-Instagram-para-producto-Jabones-Artesanales-Elegante-Marron-y-Blanco4-1-12x12.png 12w, https:\/\/cm-comercioyrepresentaciones.com\/wp-content\/uploads\/2024\/05\/Post-de-Instagram-para-producto-Jabones-Artesanales-Elegante-Marron-y-Blanco4-1.png 1080w\" sizes=\"auto, (max-width: 1024px) 100vw, 1024px\" \/><\/figure>\n<\/div>\n\n\n\n<div class=\"wp-block-column is-layout-flow wp-block-column-is-layout-flow\">\n<h1 class=\"wp-block-heading has-text-align-center has-vivid-cyan-blue-color has-text-color\">Jab\u00f3n de Arcilla<\/h1>\n\n\n\n<hr class=\"wp-block-separator has-css-opacity is-style-wide\"\/>\n\n\n\n<ul id=\"block-b9252583-d678-4bd8-b34a-9e2a22637c61\" class=\"has-vivid-cyan-blue-color has-text-color wp-block-list\">\n<li>Jab\u00f3n de Glicerina<\/li>\n\n\n\n<li>100% Artesanal<\/li>\n\n\n\n<li>Contenido Aprox. 90g<\/li>\n<\/ul>\n\n\n\n<div class=\"wp-block-buttons is-layout-flex wp-block-buttons-is-layout-flex\">\n<div class=\"wp-block-button is-style-outline is-style-outline--7\"><a class=\"wp-block-button__link has-vivid-cyan-blue-color has-text-color wp-element-button\" href=\"https:\/\/cm-comercioyrepresentaciones.com\/en\/jabon-arcilla\/\">More information<\/a><\/div>\n<\/div>\n<\/div>\n<\/div>\n\n\n\n<hr class=\"wp-block-separator has-css-opacity is-style-wide\"\/>\n\n\n\n<div class=\"wp-block-columns is-layout-flex wp-container-core-columns-is-layout-9d6595d7 wp-block-columns-is-layout-flex\">\n<div class=\"wp-block-column is-layout-flow wp-block-column-is-layout-flow\">\n<figure class=\"wp-block-image size-large\"><img loading=\"lazy\" decoding=\"async\" width=\"1024\" height=\"1024\" src=\"https:\/\/cm-comercioyrepresentaciones.com\/wp-content\/uploads\/2024\/05\/Post-de-Instagram-para-producto-Jabones-Artesanales-Elegante-Marron-y-Blanco6-1024x1024.png\" alt=\"\" class=\"wp-image-2225\" style=\"aspect-ratio:1;object-fit:cover\" srcset=\"https:\/\/cm-comercioyrepresentaciones.com\/wp-content\/uploads\/2024\/05\/Post-de-Instagram-para-producto-Jabones-Artesanales-Elegante-Marron-y-Blanco6-1024x1024.png 1024w, https:\/\/cm-comercioyrepresentaciones.com\/wp-content\/uploads\/2024\/05\/Post-de-Instagram-para-producto-Jabones-Artesanales-Elegante-Marron-y-Blanco6-300x300.png 300w, https:\/\/cm-comercioyrepresentaciones.com\/wp-content\/uploads\/2024\/05\/Post-de-Instagram-para-producto-Jabones-Artesanales-Elegante-Marron-y-Blanco6-150x150.png 150w, https:\/\/cm-comercioyrepresentaciones.com\/wp-content\/uploads\/2024\/05\/Post-de-Instagram-para-producto-Jabones-Artesanales-Elegante-Marron-y-Blanco6-768x768.png 768w, https:\/\/cm-comercioyrepresentaciones.com\/wp-content\/uploads\/2024\/05\/Post-de-Instagram-para-producto-Jabones-Artesanales-Elegante-Marron-y-Blanco6-12x12.png 12w, https:\/\/cm-comercioyrepresentaciones.com\/wp-content\/uploads\/2024\/05\/Post-de-Instagram-para-producto-Jabones-Artesanales-Elegante-Marron-y-Blanco6.png 1080w\" sizes=\"auto, (max-width: 1024px) 100vw, 1024px\" \/><\/figure>\n<\/div>\n\n\n\n<div class=\"wp-block-column is-layout-flow wp-block-column-is-layout-flow\">\n<h1 class=\"wp-block-heading has-text-align-center has-vivid-cyan-blue-color has-text-color\">Jab\u00f3n de Carb\u00f3n Activado<\/h1>\n\n\n\n<hr class=\"wp-block-separator has-css-opacity is-style-wide\"\/>\n\n\n\n<ul id=\"block-b9252583-d678-4bd8-b34a-9e2a22637c61\" class=\"has-vivid-cyan-blue-color has-text-color wp-block-list\">\n<li>Jab\u00f3n de Glicerina<\/li>\n\n\n\n<li>100% Artesanal<\/li>\n\n\n\n<li>Contenido Aprox. 90g<\/li>\n<\/ul>\n\n\n\n<div class=\"wp-block-buttons is-layout-flex wp-block-buttons-is-layout-flex\">\n<div class=\"wp-block-button is-style-outline is-style-outline--8\"><a class=\"wp-block-button__link has-vivid-cyan-blue-color has-text-color wp-element-button\" href=\"https:\/\/cm-comercioyrepresentaciones.com\/en\/jabon-de-carbon-activado\/\">More information<\/a><\/div>\n<\/div>\n<\/div>\n<\/div>\n\n\n\n<hr class=\"wp-block-separator has-alpha-channel-opacity\"\/>\n\n\n\n<div class=\"wp-block-columns is-layout-flex wp-container-core-columns-is-layout-9d6595d7 wp-block-columns-is-layout-flex\">\n<div class=\"wp-block-column is-layout-flow wp-block-column-is-layout-flow\">\n<figure class=\"wp-block-image size-full is-resized\"><img loading=\"lazy\" decoding=\"async\" width=\"1080\" height=\"1080\" src=\"https:\/\/cm-comercioyrepresentaciones.com\/wp-content\/uploads\/2024\/05\/Post-de-Instagram-para-producto-Jabones-Artesanales-Elegante-Marron-y-Blanco7.png\" alt=\"\" class=\"wp-image-2226\" style=\"object-fit:cover;width:418px;height:auto\" srcset=\"https:\/\/cm-comercioyrepresentaciones.com\/wp-content\/uploads\/2024\/05\/Post-de-Instagram-para-producto-Jabones-Artesanales-Elegante-Marron-y-Blanco7.png 1080w, https:\/\/cm-comercioyrepresentaciones.com\/wp-content\/uploads\/2024\/05\/Post-de-Instagram-para-producto-Jabones-Artesanales-Elegante-Marron-y-Blanco7-300x300.png 300w, https:\/\/cm-comercioyrepresentaciones.com\/wp-content\/uploads\/2024\/05\/Post-de-Instagram-para-producto-Jabones-Artesanales-Elegante-Marron-y-Blanco7-1024x1024.png 1024w, https:\/\/cm-comercioyrepresentaciones.com\/wp-content\/uploads\/2024\/05\/Post-de-Instagram-para-producto-Jabones-Artesanales-Elegante-Marron-y-Blanco7-150x150.png 150w, https:\/\/cm-comercioyrepresentaciones.com\/wp-content\/uploads\/2024\/05\/Post-de-Instagram-para-producto-Jabones-Artesanales-Elegante-Marron-y-Blanco7-768x768.png 768w, https:\/\/cm-comercioyrepresentaciones.com\/wp-content\/uploads\/2024\/05\/Post-de-Instagram-para-producto-Jabones-Artesanales-Elegante-Marron-y-Blanco7-12x12.png 12w\" sizes=\"auto, (max-width: 1080px) 100vw, 1080px\" \/><\/figure>\n<\/div>\n\n\n\n<div class=\"wp-block-column is-layout-flow wp-block-column-is-layout-flow\">\n<h1 class=\"wp-block-heading has-text-align-center has-vivid-cyan-blue-color has-text-color\">Jab\u00f3n de Chocolate<\/h1>\n\n\n\n<hr class=\"wp-block-separator has-css-opacity is-style-wide\"\/>\n\n\n\n<ul id=\"block-b9252583-d678-4bd8-b34a-9e2a22637c61\" class=\"has-vivid-cyan-blue-color has-text-color wp-block-list\">\n<li>Jab\u00f3n de Glicerina<\/li>\n\n\n\n<li>100% Artesanal<\/li>\n\n\n\n<li>Contenido Aprox. 90g<\/li>\n<\/ul>\n\n\n\n<div class=\"wp-block-buttons is-layout-flex wp-block-buttons-is-layout-flex\">\n<div class=\"wp-block-button is-style-outline is-style-outline--9\"><a class=\"wp-block-button__link has-vivid-cyan-blue-color has-text-color wp-element-button\" href=\"https:\/\/cm-comercioyrepresentaciones.com\/en\/jabon-chocolate\/\">More information<\/a><\/div>\n<\/div>\n<\/div>\n<\/div>\n\n\n\n<hr class=\"wp-block-separator has-css-opacity is-style-wide\"\/>\n\n\n\n<div class=\"wp-block-columns is-layout-flex wp-container-core-columns-is-layout-9d6595d7 wp-block-columns-is-layout-flex\">\n<div class=\"wp-block-column is-layout-flow wp-block-column-is-layout-flow\">\n<figure class=\"wp-block-image size-large is-resized is-style-default\"><img loading=\"lazy\" decoding=\"async\" width=\"1024\" height=\"1024\" src=\"https:\/\/cm-comercioyrepresentaciones.com\/wp-content\/uploads\/2024\/05\/Post-de-Instagram-para-producto-Jabones-Artesanales-Elegante-Marron-y-Blanco2-1024x1024.png\" alt=\"\" class=\"wp-image-2227\" style=\"aspect-ratio:1;object-fit:cover;width:479px\" srcset=\"https:\/\/cm-comercioyrepresentaciones.com\/wp-content\/uploads\/2024\/05\/Post-de-Instagram-para-producto-Jabones-Artesanales-Elegante-Marron-y-Blanco2-1024x1024.png 1024w, https:\/\/cm-comercioyrepresentaciones.com\/wp-content\/uploads\/2024\/05\/Post-de-Instagram-para-producto-Jabones-Artesanales-Elegante-Marron-y-Blanco2-300x300.png 300w, https:\/\/cm-comercioyrepresentaciones.com\/wp-content\/uploads\/2024\/05\/Post-de-Instagram-para-producto-Jabones-Artesanales-Elegante-Marron-y-Blanco2-150x150.png 150w, https:\/\/cm-comercioyrepresentaciones.com\/wp-content\/uploads\/2024\/05\/Post-de-Instagram-para-producto-Jabones-Artesanales-Elegante-Marron-y-Blanco2-768x768.png 768w, https:\/\/cm-comercioyrepresentaciones.com\/wp-content\/uploads\/2024\/05\/Post-de-Instagram-para-producto-Jabones-Artesanales-Elegante-Marron-y-Blanco2-12x12.png 12w, https:\/\/cm-comercioyrepresentaciones.com\/wp-content\/uploads\/2024\/05\/Post-de-Instagram-para-producto-Jabones-Artesanales-Elegante-Marron-y-Blanco2.png 1080w\" sizes=\"auto, (max-width: 1024px) 100vw, 1024px\" \/><\/figure>\n<\/div>\n\n\n\n<div class=\"wp-block-column is-layout-flow wp-block-column-is-layout-flow\">\n<h1 class=\"wp-block-heading has-text-align-center has-vivid-cyan-blue-color has-text-color\">Jab\u00f3n de Algod\u00f3n<\/h1>\n\n\n\n<hr class=\"wp-block-separator has-css-opacity is-style-wide\"\/>\n\n\n\n<ul id=\"block-b9252583-d678-4bd8-b34a-9e2a22637c61\" class=\"has-vivid-cyan-blue-color has-text-color wp-block-list\">\n<li>Jab\u00f3n de Glicerina<\/li>\n\n\n\n<li>100% Artesanal<\/li>\n\n\n\n<li>Contenido Aprox. 90g<\/li>\n<\/ul>\n\n\n\n<div class=\"wp-block-buttons is-layout-flex wp-block-buttons-is-layout-flex\">\n<div class=\"wp-block-button is-style-outline is-style-outline--10\"><a class=\"wp-block-button__link has-vivid-cyan-blue-color has-text-color wp-element-button\" href=\"https:\/\/cm-comercioyrepresentaciones.com\/en\/jabon-de-algodon\/\">More information<\/a><\/div>\n<\/div>\n<\/div>\n<\/div>\n\n\n\n<hr class=\"wp-block-separator has-css-opacity is-style-wide\"\/>\n\n\n\n<div class=\"wp-block-columns is-layout-flex wp-container-core-columns-is-layout-9d6595d7 wp-block-columns-is-layout-flex\">\n<div class=\"wp-block-column is-layout-flow wp-block-column-is-layout-flow\">\n<figure class=\"wp-block-image size-large is-resized is-style-default\"><img loading=\"lazy\" decoding=\"async\" width=\"1024\" height=\"1024\" src=\"https:\/\/cm-comercioyrepresentaciones.com\/wp-content\/uploads\/2024\/05\/Post-de-Instagram-para-producto-Jabones-Artesanales-Elegante-Marron-y-Blanco1-1024x1024.png\" alt=\"\" class=\"wp-image-2228\" style=\"aspect-ratio:1;object-fit:cover;width:425px\" srcset=\"https:\/\/cm-comercioyrepresentaciones.com\/wp-content\/uploads\/2024\/05\/Post-de-Instagram-para-producto-Jabones-Artesanales-Elegante-Marron-y-Blanco1-1024x1024.png 1024w, https:\/\/cm-comercioyrepresentaciones.com\/wp-content\/uploads\/2024\/05\/Post-de-Instagram-para-producto-Jabones-Artesanales-Elegante-Marron-y-Blanco1-300x300.png 300w, https:\/\/cm-comercioyrepresentaciones.com\/wp-content\/uploads\/2024\/05\/Post-de-Instagram-para-producto-Jabones-Artesanales-Elegante-Marron-y-Blanco1-150x150.png 150w, https:\/\/cm-comercioyrepresentaciones.com\/wp-content\/uploads\/2024\/05\/Post-de-Instagram-para-producto-Jabones-Artesanales-Elegante-Marron-y-Blanco1-768x768.png 768w, https:\/\/cm-comercioyrepresentaciones.com\/wp-content\/uploads\/2024\/05\/Post-de-Instagram-para-producto-Jabones-Artesanales-Elegante-Marron-y-Blanco1-12x12.png 12w, https:\/\/cm-comercioyrepresentaciones.com\/wp-content\/uploads\/2024\/05\/Post-de-Instagram-para-producto-Jabones-Artesanales-Elegante-Marron-y-Blanco1.png 1080w\" sizes=\"auto, (max-width: 1024px) 100vw, 1024px\" \/><\/figure>\n<\/div>\n\n\n\n<div class=\"wp-block-column is-layout-flow wp-block-column-is-layout-flow\">\n<h1 class=\"wp-block-heading has-text-align-center has-vivid-cyan-blue-color has-text-color\">Jab\u00f3n de Caf\u00e9<\/h1>\n\n\n\n<hr class=\"wp-block-separator has-css-opacity is-style-wide\"\/>\n\n\n\n<ul id=\"block-b9252583-d678-4bd8-b34a-9e2a22637c61\" class=\"has-vivid-cyan-blue-color has-text-color wp-block-list\">\n<li>Jab\u00f3n de Glicerina<\/li>\n\n\n\n<li>100% Artesanal<\/li>\n\n\n\n<li>Contenido Aprox. 90g<\/li>\n<\/ul>\n\n\n\n<div class=\"wp-block-buttons is-layout-flex wp-block-buttons-is-layout-flex\">\n<div class=\"wp-block-button is-style-outline is-style-outline--11\"><a class=\"wp-block-button__link has-vivid-cyan-blue-color has-text-color wp-element-button\" href=\"https:\/\/cm-comercioyrepresentaciones.com\/en\/jabon-de-cafe\/\">More information<\/a><\/div>\n<\/div>\n<\/div>\n<\/div>\n\n\n\n<hr class=\"wp-block-separator has-css-opacity is-style-wide\"\/>\n\n\n\n<div class=\"wp-block-columns is-layout-flex wp-container-core-columns-is-layout-9d6595d7 wp-block-columns-is-layout-flex\">\n<div class=\"wp-block-column is-layout-flow wp-block-column-is-layout-flow\">\n<figure class=\"wp-block-image size-large is-resized is-style-default\"><img loading=\"lazy\" decoding=\"async\" width=\"1024\" height=\"1024\" src=\"https:\/\/cm-comercioyrepresentaciones.com\/wp-content\/uploads\/2024\/05\/Post-de-Instagram-para-producto-Jabones-Artesanales-Elegante-Marron-y-Blanco3-1024x1024.png\" alt=\"\" class=\"wp-image-2229\" style=\"aspect-ratio:1;object-fit:cover;width:471px\" srcset=\"https:\/\/cm-comercioyrepresentaciones.com\/wp-content\/uploads\/2024\/05\/Post-de-Instagram-para-producto-Jabones-Artesanales-Elegante-Marron-y-Blanco3-1024x1024.png 1024w, https:\/\/cm-comercioyrepresentaciones.com\/wp-content\/uploads\/2024\/05\/Post-de-Instagram-para-producto-Jabones-Artesanales-Elegante-Marron-y-Blanco3-300x300.png 300w, https:\/\/cm-comercioyrepresentaciones.com\/wp-content\/uploads\/2024\/05\/Post-de-Instagram-para-producto-Jabones-Artesanales-Elegante-Marron-y-Blanco3-150x150.png 150w, https:\/\/cm-comercioyrepresentaciones.com\/wp-content\/uploads\/2024\/05\/Post-de-Instagram-para-producto-Jabones-Artesanales-Elegante-Marron-y-Blanco3-768x768.png 768w, https:\/\/cm-comercioyrepresentaciones.com\/wp-content\/uploads\/2024\/05\/Post-de-Instagram-para-producto-Jabones-Artesanales-Elegante-Marron-y-Blanco3-12x12.png 12w, https:\/\/cm-comercioyrepresentaciones.com\/wp-content\/uploads\/2024\/05\/Post-de-Instagram-para-producto-Jabones-Artesanales-Elegante-Marron-y-Blanco3.png 1080w\" sizes=\"auto, (max-width: 1024px) 100vw, 1024px\" \/><\/figure>\n<\/div>\n\n\n\n<div class=\"wp-block-column is-layout-flow wp-block-column-is-layout-flow\">\n<h1 class=\"wp-block-heading has-text-align-center has-vivid-cyan-blue-color has-text-color\">Jab\u00f3n de Canela<\/h1>\n\n\n\n<hr class=\"wp-block-separator has-css-opacity is-style-wide\"\/>\n\n\n\n<ul id=\"block-b9252583-d678-4bd8-b34a-9e2a22637c61\" class=\"has-vivid-cyan-blue-color has-text-color wp-block-list\">\n<li>Jab\u00f3n de Glicerina<\/li>\n\n\n\n<li>100% Artesanal<\/li>\n\n\n\n<li>Contenido Aprox. 90g<\/li>\n<\/ul>\n\n\n\n<div class=\"wp-block-buttons is-layout-flex wp-block-buttons-is-layout-flex\">\n<div class=\"wp-block-button is-style-outline is-style-outline--12\"><a class=\"wp-block-button__link has-vivid-cyan-blue-color has-text-color wp-element-button\" href=\"https:\/\/cm-comercioyrepresentaciones.com\/en\/jabon-de-canela\/\">More information<\/a><\/div>\n<\/div>\n<\/div>\n<\/div>\n\n\n\n<hr class=\"wp-block-separator has-css-opacity is-style-wide\"\/>\n\n\n\n<div class=\"wp-block-columns is-layout-flex wp-container-core-columns-is-layout-9d6595d7 wp-block-columns-is-layout-flex\">\n<div class=\"wp-block-column is-layout-flow wp-block-column-is-layout-flow\">\n<figure class=\"wp-block-image size-large is-resized is-style-default\"><img loading=\"lazy\" decoding=\"async\" width=\"1024\" height=\"1024\" src=\"https:\/\/cm-comercioyrepresentaciones.com\/wp-content\/uploads\/2024\/05\/Post-de-Instagram-para-producto-Jabones-Artesanales-Elegante-Marron-y-Blanco-1024x1024.png\" alt=\"\" class=\"wp-image-2230\" style=\"aspect-ratio:1;object-fit:cover;width:474px\" srcset=\"https:\/\/cm-comercioyrepresentaciones.com\/wp-content\/uploads\/2024\/05\/Post-de-Instagram-para-producto-Jabones-Artesanales-Elegante-Marron-y-Blanco-1024x1024.png 1024w, https:\/\/cm-comercioyrepresentaciones.com\/wp-content\/uploads\/2024\/05\/Post-de-Instagram-para-producto-Jabones-Artesanales-Elegante-Marron-y-Blanco-300x300.png 300w, https:\/\/cm-comercioyrepresentaciones.com\/wp-content\/uploads\/2024\/05\/Post-de-Instagram-para-producto-Jabones-Artesanales-Elegante-Marron-y-Blanco-150x150.png 150w, https:\/\/cm-comercioyrepresentaciones.com\/wp-content\/uploads\/2024\/05\/Post-de-Instagram-para-producto-Jabones-Artesanales-Elegante-Marron-y-Blanco-768x768.png 768w, https:\/\/cm-comercioyrepresentaciones.com\/wp-content\/uploads\/2024\/05\/Post-de-Instagram-para-producto-Jabones-Artesanales-Elegante-Marron-y-Blanco-12x12.png 12w, https:\/\/cm-comercioyrepresentaciones.com\/wp-content\/uploads\/2024\/05\/Post-de-Instagram-para-producto-Jabones-Artesanales-Elegante-Marron-y-Blanco.png 1080w\" sizes=\"auto, (max-width: 1024px) 100vw, 1024px\" \/><\/figure>\n<\/div>\n\n\n\n<div class=\"wp-block-column is-layout-flow wp-block-column-is-layout-flow\">\n<h1 class=\"wp-block-heading has-text-align-center has-vivid-cyan-blue-color has-text-color\">Jab\u00f3n de Neem<\/h1>\n\n\n\n<hr class=\"wp-block-separator has-css-opacity is-style-wide\"\/>\n\n\n\n<ul id=\"block-b9252583-d678-4bd8-b34a-9e2a22637c61\" class=\"has-vivid-cyan-blue-color has-text-color wp-block-list\">\n<li>Jab\u00f3n de Glicerina<\/li>\n\n\n\n<li>100% Artesanal<\/li>\n\n\n\n<li>Contenido Aprox. 90g<\/li>\n<\/ul>\n\n\n\n<div class=\"wp-block-buttons is-layout-flex wp-block-buttons-is-layout-flex\">\n<div class=\"wp-block-button is-style-outline is-style-outline--13\"><a class=\"wp-block-button__link has-vivid-cyan-blue-color has-text-color wp-element-button\" href=\"https:\/\/cm-comercioyrepresentaciones.com\/en\/jabon-neem\/\">More information<\/a><\/div>\n<\/div>\n<\/div>\n<\/div>\n\n\n\n<hr class=\"wp-block-separator has-alpha-channel-opacity\"\/>\n\n\n\n<div class=\"wp-block-columns is-layout-flex wp-container-core-columns-is-layout-9d6595d7 wp-block-columns-is-layout-flex\">\n<div class=\"wp-block-column is-layout-flow wp-block-column-is-layout-flow\">\n<figure class=\"wp-block-image size-full is-resized is-style-default\"><img loading=\"lazy\" decoding=\"async\" width=\"1080\" height=\"1080\" src=\"https:\/\/cm-comercioyrepresentaciones.com\/wp-content\/uploads\/2024\/05\/Post-de-Instagram-para-producto-Jabones-Artesanales-Elegante-Marron-y-Blanco8.png\" alt=\"\" class=\"wp-image-2231\" style=\"aspect-ratio:1;object-fit:cover;width:474px\" srcset=\"https:\/\/cm-comercioyrepresentaciones.com\/wp-content\/uploads\/2024\/05\/Post-de-Instagram-para-producto-Jabones-Artesanales-Elegante-Marron-y-Blanco8.png 1080w, https:\/\/cm-comercioyrepresentaciones.com\/wp-content\/uploads\/2024\/05\/Post-de-Instagram-para-producto-Jabones-Artesanales-Elegante-Marron-y-Blanco8-300x300.png 300w, https:\/\/cm-comercioyrepresentaciones.com\/wp-content\/uploads\/2024\/05\/Post-de-Instagram-para-producto-Jabones-Artesanales-Elegante-Marron-y-Blanco8-1024x1024.png 1024w, https:\/\/cm-comercioyrepresentaciones.com\/wp-content\/uploads\/2024\/05\/Post-de-Instagram-para-producto-Jabones-Artesanales-Elegante-Marron-y-Blanco8-150x150.png 150w, https:\/\/cm-comercioyrepresentaciones.com\/wp-content\/uploads\/2024\/05\/Post-de-Instagram-para-producto-Jabones-Artesanales-Elegante-Marron-y-Blanco8-768x768.png 768w, https:\/\/cm-comercioyrepresentaciones.com\/wp-content\/uploads\/2024\/05\/Post-de-Instagram-para-producto-Jabones-Artesanales-Elegante-Marron-y-Blanco8-12x12.png 12w\" sizes=\"auto, (max-width: 1080px) 100vw, 1080px\" \/><\/figure>\n<\/div>\n\n\n\n<div class=\"wp-block-column is-layout-flow wp-block-column-is-layout-flow\">\n<h1 class=\"wp-block-heading has-text-align-center has-vivid-cyan-blue-color has-text-color\">Jab\u00f3n de Miel<\/h1>\n\n\n\n<hr class=\"wp-block-separator has-css-opacity is-style-wide\"\/>\n\n\n\n<ul id=\"block-b9252583-d678-4bd8-b34a-9e2a22637c61\" class=\"has-vivid-cyan-blue-color has-text-color wp-block-list\">\n<li>Jab\u00f3n de Glicerina<\/li>\n\n\n\n<li>100% Artesanal<\/li>\n\n\n\n<li>Contenido Aprox. 90g<\/li>\n<\/ul>\n\n\n\n<div class=\"wp-block-buttons is-layout-flex wp-block-buttons-is-layout-flex\">\n<div class=\"wp-block-button is-style-outline is-style-outline--14\"><a class=\"wp-block-button__link has-vivid-cyan-blue-color has-text-color wp-element-button\" href=\"https:\/\/cm-comercioyrepresentaciones.com\/en\/jabon-miel\/\">More information<\/a><\/div>\n<\/div>\n<\/div>\n<\/div>\n\n\n\n<hr class=\"wp-block-separator has-css-opacity is-style-wide\"\/>\n\n\n\n<p><\/p>","protected":false},"excerpt":{"rendered":"<p>Acido B\u00f3rico Arcilla Coloidal Arcilla para Cataplasma Gr\u00e1nulos Exfoliantes de Arroz Mascarilla de Arroz Jab\u00f3n de Arroz Jab\u00f3n de Arcilla Jab\u00f3n de Carb\u00f3n Activado Jab\u00f3n de Chocolate Jab\u00f3n de Algod\u00f3n Jab\u00f3n de Caf\u00e9 Jab\u00f3n de Canela Jab\u00f3n de Neem Jab\u00f3n de Miel<\/p>","protected":false},"author":1,"featured_media":0,"parent":0,"menu_order":0,"comment_status":"closed","ping_status":"closed","template":"page-templates\/full-width.php","meta":{"footnotes":""},"class_list":["post-263","page","type-page","status-publish","hentry"],"_links":{"self":[{"href":"https:\/\/cm-comercioyrepresentaciones.com\/en\/wp-json\/wp\/v2\/pages\/263","targetHints":{"allow":["GET"]}}],"collection":[{"href":"https:\/\/cm-comercioyrepresentaciones.com\/en\/wp-json\/wp\/v2\/pages"}],"about":[{"href":"https:\/\/cm-comercioyrepresentaciones.com\/en\/wp-json\/wp\/v2\/types\/page"}],"author":[{"embeddable":true,"href":"https:\/\/cm-comercioyrepresentaciones.com\/en\/wp-json\/wp\/v2\/users\/1"}],"replies":[{"embeddable":true,"href":"https:\/\/cm-comercioyrepresentaciones.com\/en\/wp-json\/wp\/v2\/comments?post=263"}],"version-history":[{"count":67,"href":"https:\/\/cm-comercioyrepresentaciones.com\/en\/wp-json\/wp\/v2\/pages\/263\/revisions"}],"predecessor-version":[{"id":2237,"href":"https:\/\/cm-comercioyrepresentaciones.com\/en\/wp-json\/wp\/v2\/pages\/263\/revisions\/2237"}],"wp:attachment":[{"href":"https:\/\/cm-comercioyrepresentaciones.com\/en\/wp-json\/wp\/v2\/media?parent=263"}],"curies":[{"name":"wp","href":"https:\/\/api.w.org\/{rel}","templated":true}]}}