{"id":1487,"date":"2021-05-12T22:56:35","date_gmt":"2021-05-12T22:56:35","guid":{"rendered":"https:\/\/cm-comercioyrepresentaciones.com\/?page_id=1487"},"modified":"2022-01-12T22:18:40","modified_gmt":"2022-01-12T22:18:40","slug":"curcuma","status":"publish","type":"page","link":"https:\/\/cm-comercioyrepresentaciones.com\/en\/curcuma\/","title":{"rendered":"Turmeric"},"content":{"rendered":"<div class=\"wp-block-image\"><figure class=\"aligncenter size-large is-resized\"><img loading=\"lazy\" decoding=\"async\" src=\"https:\/\/cm-comercioyrepresentaciones.com\/wp-content\/uploads\/2021\/05\/curcuma.jpg\" alt=\"\" class=\"wp-image-1488\" width=\"476\" height=\"476\" srcset=\"https:\/\/cm-comercioyrepresentaciones.com\/wp-content\/uploads\/2021\/05\/curcuma.jpg 768w, https:\/\/cm-comercioyrepresentaciones.com\/wp-content\/uploads\/2021\/05\/curcuma-300x300.jpg 300w, https:\/\/cm-comercioyrepresentaciones.com\/wp-content\/uploads\/2021\/05\/curcuma-150x150.jpg 150w\" sizes=\"auto, (max-width: 476px) 100vw, 476px\" \/><\/figure><\/div>\n\n\n\n<hr class=\"wp-block-separator\"\/>\n\n\n\n<h2 class=\"has-text-align-center has-vivid-cyan-blue-color has-text-color wp-block-heading\">Properties<\/h2>\n\n\n\n<ul class=\"has-vivid-cyan-blue-color has-text-color wp-block-list\"><li>Disminuye el riesgo de problemas cardiovasculares, por su capacidad de reducir lo que se conocer como colesterol malo y ayuda a aumentar el flujo sangu\u00edneo<\/li><li>Protege la mucosa estomacal de bacterias que aumenta el riesgo de c\u00e1ncer estomacal<\/li><li>Retrasa el envejecimiento de la piel y la aparici\u00f3n de arrugas<\/li><li>Reduce el nivel de colesterol<\/li><li>Reduce la tensi\u00f3n arterial<\/li><li>Ayuda al correcto funcionamiento del coraz\u00f3n al combinarlo con jengibre<\/li><li>Destacada por sus propiedades digestivas debido a que alivia la sensaci\u00f3n de empacho y previene la formaci\u00f3n de gases y flatulencias<\/li><li>Incide sobre la mucosa gastrointestinal y contribuye a reparar el tejido alterado<\/li><li>S\u00faper conocida para perder peso ya que facilita la movilizaci\u00f3n de grasas y las metaboliza<\/li><li>Ayuda al reumatismo, artritis y artrosis, por su acci\u00f3n antiinflamatoria<\/li><li>Previene enfermedades respiratorias<\/li><li>Antiinflamatorio<\/li><li>Ayuda en el tratamiento de la diabetes como&nbsp;&nbsp;reduce los niveles de az\u00facar en el, es un alimento recomendado para aquellos que padecen diabetes.&nbsp;<\/li><li>Beneficiosa para el est\u00f3mago como&nbsp;su acci\u00f3n aliviadora contra los gases y c\u00f3licos, favoreciendo a la expulsi\u00f3n. Adem\u00e1s, facilita la digesti\u00f3n gracias a que potencia las secreciones g\u00e1stricas<\/li><li>Puede ayudar a combatir la depresi\u00f3n como&nbsp;&nbsp;Seg\u00fan estudios cient\u00edficos, la especia posee estimulantes de nuestro sistema nervioso, y adem\u00e1s reduce la carga de estr\u00e9s a nivel fisiol\u00f3gico. Incluso se ha determinado que el extracto de c\u00farcuma puede aumentar nuestros niveles de serotonina.&nbsp;<\/li><li>Se puede usar como pasta de dientes como&nbsp;agregar a la pasta de dientes habitual<\/li><li>Para dolores de cabeza, bronquitis, resfriados, infecciones pulmonares, la fiebre, problemas menstruales, picaz\u00f3n en la piel, la recuperaci\u00f3n despu\u00e9s de la cirug\u00eda<\/li><li>Sabias que tambi\u00e9n ayuda con problemas renales depresi\u00f3n, enfermedad de Alzheimer, inflamaci\u00f3n, diabetes, la retenci\u00f3n de agua, una enfermedad autoinmune e inflamaci\u00f3n de la vejiga<\/li><li>Se aplica C\u00farcuma en la piel para el dolor, esguinces y contusiones, inflamaciones, picaduras de sanguijuelas, infecciones oculares.<\/li><li>Sabes como usar de forma correcta la C\u00farcuma es probablemente segura cuando se toma por v\u00eda oral o aplicada sobre la piel por un m\u00e1ximo de 8 meses.<\/li><li>La C\u00farcuma es segura cuando se usa como un enema o un enjuague bucal tambi\u00e9n a corto plazo<\/li><\/ul>\n\n\n\n<div class=\"wp-block-image\"><figure class=\"aligncenter size-large is-resized\"><img loading=\"lazy\" decoding=\"async\" src=\"https:\/\/cm-comercioyrepresentaciones.com\/wp-content\/uploads\/2021\/05\/image-30.png\" alt=\"\" class=\"wp-image-1490\" width=\"660\" height=\"561\" srcset=\"https:\/\/cm-comercioyrepresentaciones.com\/wp-content\/uploads\/2021\/05\/image-30.png 613w, https:\/\/cm-comercioyrepresentaciones.com\/wp-content\/uploads\/2021\/05\/image-30-300x255.png 300w\" sizes=\"auto, (max-width: 660px) 100vw, 660px\" \/><\/figure><\/div>\n\n\n\n<hr class=\"wp-block-separator\"\/>\n\n\n\n<div class=\"wp-block-image\"><figure class=\"aligncenter size-large\"><img loading=\"lazy\" decoding=\"async\" width=\"613\" height=\"541\" src=\"https:\/\/cm-comercioyrepresentaciones.com\/wp-content\/uploads\/2021\/05\/image-37.png\" alt=\"\" class=\"wp-image-1497\" srcset=\"https:\/\/cm-comercioyrepresentaciones.com\/wp-content\/uploads\/2021\/05\/image-37.png 613w, https:\/\/cm-comercioyrepresentaciones.com\/wp-content\/uploads\/2021\/05\/image-37-300x265.png 300w\" sizes=\"auto, (max-width: 613px) 100vw, 613px\" \/><\/figure><\/div>\n\n\n\n<hr class=\"wp-block-separator\"\/>\n\n\n\n<div class=\"wp-block-image\"><figure class=\"aligncenter size-large\"><img loading=\"lazy\" decoding=\"async\" width=\"614\" height=\"537\" src=\"https:\/\/cm-comercioyrepresentaciones.com\/wp-content\/uploads\/2021\/05\/image-38.png\" alt=\"\" class=\"wp-image-1498\" srcset=\"https:\/\/cm-comercioyrepresentaciones.com\/wp-content\/uploads\/2021\/05\/image-38.png 614w, https:\/\/cm-comercioyrepresentaciones.com\/wp-content\/uploads\/2021\/05\/image-38-300x262.png 300w\" sizes=\"auto, (max-width: 614px) 100vw, 614px\" \/><\/figure><\/div>\n\n\n\n<hr class=\"wp-block-separator\"\/>\n\n\n\n<h2 class=\"has-text-align-center has-vivid-cyan-blue-color has-text-color wp-block-heading\">Consejo en su consumo<\/h2>\n\n\n\n<ul class=\"has-vivid-cyan-blue-color has-text-color wp-block-list\"><li>La principal advertencia es eliminar el consumo de c\u00farcuma durante embarazos o per\u00edodos de lactancia. Tambi\u00e9n est\u00e1 contraindicada para aquellas personas reci\u00e9n operadas (debido a su efecto anticoagulante) y a los que sufran problemas en la ves\u00edcula biliar<\/li><li>La C\u00farcuma generalmente no causa efectos secundarios pero podr\u00eda presentar malestar estomacal, n\u00e1useas, mareos o diarrea<\/li><li>Si la tomas en exceso puedes causar irritaci\u00f3n en el est\u00f3mago y mareos.<\/li><li>Esta contraindicada en personas que est\u00e9n tomando medicamentos anticoagulantes y en si tienes obstrucci\u00f3n de las v\u00edas biliares<\/li><li>Siempre te recomendamos el uso de la C\u00farcuma bajo orientaci\u00f3n m\u00e9dica continua<\/li><\/ul>\n\n\n\n<hr class=\"wp-block-separator\"\/>\n\n\n\n<h2 class=\"has-text-align-center has-vivid-cyan-blue-color has-text-color wp-block-heading\">Recipes<\/h2>\n\n\n\n<div class=\"wp-block-image\"><figure class=\"aligncenter size-large is-resized\"><img loading=\"lazy\" decoding=\"async\" src=\"https:\/\/cm-comercioyrepresentaciones.com\/wp-content\/uploads\/2021\/05\/image-31.png\" alt=\"\" class=\"wp-image-1491\" width=\"652\" height=\"571\" srcset=\"https:\/\/cm-comercioyrepresentaciones.com\/wp-content\/uploads\/2021\/05\/image-31.png 615w, https:\/\/cm-comercioyrepresentaciones.com\/wp-content\/uploads\/2021\/05\/image-31-300x263.png 300w\" sizes=\"auto, (max-width: 652px) 100vw, 652px\" \/><\/figure><\/div>\n\n\n\n<hr class=\"wp-block-separator\"\/>\n\n\n\n<div class=\"wp-block-image\"><figure class=\"aligncenter size-large is-resized\"><img loading=\"lazy\" decoding=\"async\" src=\"https:\/\/cm-comercioyrepresentaciones.com\/wp-content\/uploads\/2021\/05\/image-29.png\" alt=\"\" class=\"wp-image-1489\" width=\"667\" height=\"551\" srcset=\"https:\/\/cm-comercioyrepresentaciones.com\/wp-content\/uploads\/2021\/05\/image-29.png 603w, https:\/\/cm-comercioyrepresentaciones.com\/wp-content\/uploads\/2021\/05\/image-29-300x247.png 300w\" sizes=\"auto, (max-width: 667px) 100vw, 667px\" \/><\/figure><\/div>\n\n\n\n<hr class=\"wp-block-separator\"\/>\n\n\n\n<div class=\"wp-block-image\"><figure class=\"aligncenter size-large\"><img loading=\"lazy\" decoding=\"async\" width=\"611\" height=\"513\" src=\"https:\/\/cm-comercioyrepresentaciones.com\/wp-content\/uploads\/2021\/05\/image-32.png\" alt=\"\" class=\"wp-image-1492\" srcset=\"https:\/\/cm-comercioyrepresentaciones.com\/wp-content\/uploads\/2021\/05\/image-32.png 611w, https:\/\/cm-comercioyrepresentaciones.com\/wp-content\/uploads\/2021\/05\/image-32-300x252.png 300w\" sizes=\"auto, (max-width: 611px) 100vw, 611px\" \/><\/figure><\/div>\n\n\n\n<hr class=\"wp-block-separator\"\/>\n\n\n\n<div class=\"wp-block-image\"><figure class=\"aligncenter size-large\"><img loading=\"lazy\" decoding=\"async\" width=\"608\" height=\"538\" src=\"https:\/\/cm-comercioyrepresentaciones.com\/wp-content\/uploads\/2021\/05\/image-33.png\" alt=\"\" class=\"wp-image-1493\" srcset=\"https:\/\/cm-comercioyrepresentaciones.com\/wp-content\/uploads\/2021\/05\/image-33.png 608w, https:\/\/cm-comercioyrepresentaciones.com\/wp-content\/uploads\/2021\/05\/image-33-300x265.png 300w\" sizes=\"auto, (max-width: 608px) 100vw, 608px\" \/><\/figure><\/div>\n\n\n\n<hr class=\"wp-block-separator\"\/>\n\n\n\n<div class=\"wp-block-image\"><figure class=\"aligncenter size-large\"><img loading=\"lazy\" decoding=\"async\" width=\"609\" height=\"527\" src=\"https:\/\/cm-comercioyrepresentaciones.com\/wp-content\/uploads\/2021\/05\/image-34.png\" alt=\"\" class=\"wp-image-1494\" srcset=\"https:\/\/cm-comercioyrepresentaciones.com\/wp-content\/uploads\/2021\/05\/image-34.png 609w, https:\/\/cm-comercioyrepresentaciones.com\/wp-content\/uploads\/2021\/05\/image-34-300x260.png 300w\" sizes=\"auto, (max-width: 609px) 100vw, 609px\" \/><\/figure><\/div>\n\n\n\n<hr class=\"wp-block-separator\"\/>\n\n\n\n<div class=\"wp-block-image\"><figure class=\"aligncenter size-large\"><img loading=\"lazy\" decoding=\"async\" width=\"609\" height=\"528\" src=\"https:\/\/cm-comercioyrepresentaciones.com\/wp-content\/uploads\/2021\/05\/image-35.png\" alt=\"\" class=\"wp-image-1495\" srcset=\"https:\/\/cm-comercioyrepresentaciones.com\/wp-content\/uploads\/2021\/05\/image-35.png 609w, https:\/\/cm-comercioyrepresentaciones.com\/wp-content\/uploads\/2021\/05\/image-35-300x260.png 300w\" sizes=\"auto, (max-width: 609px) 100vw, 609px\" \/><\/figure><\/div>\n\n\n\n<hr class=\"wp-block-separator\"\/>\n\n\n\n<hr class=\"wp-block-separator\"\/>\n\n\n\n<div class=\"wp-block-image\"><figure class=\"aligncenter size-large is-resized\"><img loading=\"lazy\" decoding=\"async\" src=\"https:\/\/cm-comercioyrepresentaciones.com\/wp-content\/uploads\/2022\/01\/tofuuu-1-1024x1024.jpg\" alt=\"\" class=\"wp-image-1766\" width=\"712\" height=\"712\" srcset=\"https:\/\/cm-comercioyrepresentaciones.com\/wp-content\/uploads\/2022\/01\/tofuuu-1-1024x1024.jpg 1024w, https:\/\/cm-comercioyrepresentaciones.com\/wp-content\/uploads\/2022\/01\/tofuuu-1-300x300.jpg 300w, https:\/\/cm-comercioyrepresentaciones.com\/wp-content\/uploads\/2022\/01\/tofuuu-1-150x150.jpg 150w, https:\/\/cm-comercioyrepresentaciones.com\/wp-content\/uploads\/2022\/01\/tofuuu-1-768x768.jpg 768w, https:\/\/cm-comercioyrepresentaciones.com\/wp-content\/uploads\/2022\/01\/tofuuu-1-1536x1536.jpg 1536w, https:\/\/cm-comercioyrepresentaciones.com\/wp-content\/uploads\/2022\/01\/tofuuu-1.jpg 2048w\" sizes=\"auto, (max-width: 712px) 100vw, 712px\" \/><\/figure><\/div>\n\n\n\n<hr class=\"wp-block-separator\"\/>\n\n\n\n<div class=\"wp-block-image\"><figure class=\"aligncenter size-large is-resized\"><img loading=\"lazy\" decoding=\"async\" src=\"https:\/\/cm-comercioyrepresentaciones.com\/wp-content\/uploads\/2022\/01\/coliflorr-1-1024x1024.png\" alt=\"\" class=\"wp-image-1767\" width=\"697\" height=\"697\" srcset=\"https:\/\/cm-comercioyrepresentaciones.com\/wp-content\/uploads\/2022\/01\/coliflorr-1-1024x1024.png 1024w, https:\/\/cm-comercioyrepresentaciones.com\/wp-content\/uploads\/2022\/01\/coliflorr-1-300x300.png 300w, https:\/\/cm-comercioyrepresentaciones.com\/wp-content\/uploads\/2022\/01\/coliflorr-1-150x150.png 150w, https:\/\/cm-comercioyrepresentaciones.com\/wp-content\/uploads\/2022\/01\/coliflorr-1-768x768.png 768w, https:\/\/cm-comercioyrepresentaciones.com\/wp-content\/uploads\/2022\/01\/coliflorr-1-1536x1536.png 1536w, https:\/\/cm-comercioyrepresentaciones.com\/wp-content\/uploads\/2022\/01\/coliflorr-1.png 2048w\" sizes=\"auto, (max-width: 697px) 100vw, 697px\" \/><\/figure><\/div>\n\n\n\n<hr class=\"wp-block-separator\"\/>\n\n\n\n<div class=\"wp-block-image\"><figure class=\"aligncenter size-large is-resized\"><img loading=\"lazy\" decoding=\"async\" src=\"https:\/\/cm-comercioyrepresentaciones.com\/wp-content\/uploads\/2022\/01\/curryyy-1024x1024.jpg\" alt=\"\" class=\"wp-image-1768\" width=\"727\" height=\"727\" srcset=\"https:\/\/cm-comercioyrepresentaciones.com\/wp-content\/uploads\/2022\/01\/curryyy-1024x1024.jpg 1024w, https:\/\/cm-comercioyrepresentaciones.com\/wp-content\/uploads\/2022\/01\/curryyy-300x300.jpg 300w, https:\/\/cm-comercioyrepresentaciones.com\/wp-content\/uploads\/2022\/01\/curryyy-150x150.jpg 150w, https:\/\/cm-comercioyrepresentaciones.com\/wp-content\/uploads\/2022\/01\/curryyy-768x768.jpg 768w, https:\/\/cm-comercioyrepresentaciones.com\/wp-content\/uploads\/2022\/01\/curryyy.jpg 1448w\" sizes=\"auto, (max-width: 727px) 100vw, 727px\" \/><\/figure><\/div>\n\n\n\n<hr class=\"wp-block-separator\"\/>","protected":false},"excerpt":{"rendered":"<p>Propiedades Disminuye el riesgo de problemas cardiovasculares, por su capacidad de reducir lo que se conocer como colesterol malo y ayuda a aumentar el flujo sangu\u00edneo Protege la mucosa estomacal de bacterias que aumenta el riesgo de c\u00e1ncer estomacal Retrasa el envejecimiento de la piel y la aparici\u00f3n de arrugas Reduce el nivel de colesterol [&hellip;]<\/p>","protected":false},"author":1,"featured_media":0,"parent":0,"menu_order":0,"comment_status":"closed","ping_status":"closed","template":"","meta":{"footnotes":""},"class_list":["post-1487","page","type-page","status-publish","hentry"],"_links":{"self":[{"href":"https:\/\/cm-comercioyrepresentaciones.com\/en\/wp-json\/wp\/v2\/pages\/1487","targetHints":{"allow":["GET"]}}],"collection":[{"href":"https:\/\/cm-comercioyrepresentaciones.com\/en\/wp-json\/wp\/v2\/pages"}],"about":[{"href":"https:\/\/cm-comercioyrepresentaciones.com\/en\/wp-json\/wp\/v2\/types\/page"}],"author":[{"embeddable":true,"href":"https:\/\/cm-comercioyrepresentaciones.com\/en\/wp-json\/wp\/v2\/users\/1"}],"replies":[{"embeddable":true,"href":"https:\/\/cm-comercioyrepresentaciones.com\/en\/wp-json\/wp\/v2\/comments?post=1487"}],"version-history":[{"count":5,"href":"https:\/\/cm-comercioyrepresentaciones.com\/en\/wp-json\/wp\/v2\/pages\/1487\/revisions"}],"predecessor-version":[{"id":1769,"href":"https:\/\/cm-comercioyrepresentaciones.com\/en\/wp-json\/wp\/v2\/pages\/1487\/revisions\/1769"}],"wp:attachment":[{"href":"https:\/\/cm-comercioyrepresentaciones.com\/en\/wp-json\/wp\/v2\/media?parent=1487"}],"curies":[{"name":"wp","href":"https:\/\/api.w.org\/{rel}","templated":true}]}}